{"version":"1.0","provider_name":"Mindig a f\u00e9nybe n\u00e9zz","provider_url":"https:\/\/mindigafenybenezz.cafeblog.hu","author_name":"H. Eszti","author_url":"https:\/\/mindigafenybenezz.cafeblog.hu\/author\/h_eszti\/","title":"B\u00e1tor T\u00e1bor-\u00c9lm\u00e9nyek","html":"<p><img class=\"alignnone  wp-image-572\" src=\"https:\/\/mindigafenybenezz.cafeblog.hu\/files\/2016\/11\/20161118_230558-600x360.jpg\" alt=\"20161118_230558\" width=\"573\" height=\"344\" \/><\/p>\r\n<p>Minden reggel 7.30-kor van a zen\u00e9s \u00e9breszt\u0151, majd lehet menni reggelizni. Miut\u00e1n mindenki elfogyasztja a reggelij\u00e9t, kezd\u0151dnek a napi programok, korcsoport szerint felosztva. Van aki k\u00e9zm\u0171veskedik, van lovagl\u00e1s, zen\u00e9s foglalkoz\u00e1s a gyerekeknek, \u00edj\u00e1szat \u00e9s b\u00e1torp\u00e1lya, ami a legizgalmasabb program mindenki sz\u00e1m\u00e1ra. Forg\u00e1sban mennek a csapatok, minden kipr\u00f3b\u00e1lhat\u00f3, de semmi nem k\u00f6telez\u0151. Nek\u00fcnk a legnagyobb kih\u00edv\u00e1s a b\u00e1torp\u00e1lya volt, hiszen Bog\u00e1rk\u00e1nkat kiv\u00e9ve mindenki irt\u00f3zik a magass\u00e1gt\u00f3l, \u00e9s itt a hat\u00e1rainkat feszegett\u00fck, hiszen volt falm\u00e1sz\u00e1s, \u00e9s t\u00f6bb olyan feladat, ami \u00e1ltal a magass\u00e1gt\u00f3l val\u00f3 f\u00e9lelm\u00fcnket siker\u00fclt lek\u00fczden\u00fcnk.<\/p>\r\n<p><img class=\"alignnone  wp-image-573\" src=\"https:\/\/mindigafenybenezz.cafeblog.hu\/files\/2016\/11\/20161120_103450-e1479834769630-360x600.jpg\" alt=\"20161120_103450\" width=\"336\" height=\"560\" \/><img class=\"alignnone  wp-image-574\" src=\"https:\/\/mindigafenybenezz.cafeblog.hu\/files\/2016\/11\/20161120_105245-e1479834825127-360x600.jpg\" alt=\"20161120_105245\" width=\"336\" height=\"560\" \/><\/p>\r\n<p>Term\u00e9szetesen mindenkinek vigy\u00e1znak a testi \u00e9ps\u00e9g\u00e9re, a Cimbik pedig viccesen \u00e9s seg\u00edt\u0151k\u00e9szen\u00a0k\u00f6zrem\u0171k\u00f6dnek a feladatok v\u00e9grehajt\u00e1s\u00e1ban.<\/p>\r\n<p><img class=\"alignnone  wp-image-575\" src=\"https:\/\/mindigafenybenezz.cafeblog.hu\/files\/2016\/11\/20161120_112112-600x360.jpg\" alt=\"20161120_112112\" width=\"525\" height=\"315\" \/><\/p>\r\n<p>A feln\u0151tteknek j\u00e1t\u00e9kos-besz\u00e9lget\u0151s program is van, ami alatt napr\u00f3l-napra jobban megismerik egym\u00e1st a r\u00e9sztvev\u0151 sz\u00fcl\u0151k, \u00e9s a Cimbik. A k\u00e9s\u0151 d\u00e9lut\u00e1ni \u00f3r\u00e1kban minden nap egy k\u00f6z\u00f6s program v\u00e1rja a csal\u00e1dokat, ami alatt k\u00fcl\u00f6nb\u00f6z\u0151 feladatokat lehet megoldani, ezzel is\u00a0n\u00f6velve\u00a0az \u00f6sszefog\u00e1s \u00e9s az \u00f6sszetartoz\u00e1s erej\u00e9t.<\/p>\r\n<p>Sz\u00e1momra a lemeghat\u00f3bb percek minden este amikor hatalmas k\u00f6rbe \u00e1llva, k\u00e9zen fogva el\u00e9nekelt\u00fck a B\u00e1tor T\u00e1bor dalt. Ez annyira meghat\u00f3 volt, hiszen n\u00e9h\u00e1ny napja m\u00e9g nem is ismert\u00fck ezeket az embereket, m\u00e9gis \u00fagy \u00e9reztem, hogy egy nagy, \u00f6sszetartoz\u00f3 k\u00f6z\u00f6ss\u00e9g lett\u00fcnk. Amikor pedig r\u00e1n\u00e9ztem a f\u0151n\u0151v\u00e9rre, aki szint\u00e9n a k\u00f6rben \u00e1llt, \u00e9s \u00e9nekelt, mindig elkapott a s\u00edr\u00e1s, hiszen \u0151t akkor ismert\u00fck meg amikor Bog\u00e1rka beker\u00fclt a k\u00f3rh\u00e1zba, \u00e9s egyr\u00e9szr\u0151l eszembe juttatta azokat a neh\u00e9z id\u0151ket, m\u00e1sr\u00e9szr\u0151l nagyon j\u00f3 \u00e9rz\u00e9s volt, hogy most pedig \u0151 is ennek a k\u00f6z\u00f6ss\u00e9gnek a r\u00e9sze, \u00e9s ilyen k\u00f6r\u00fclm\u00e9nyek k\u00f6z\u00f6tt is tal\u00e1lkozhattunk.<\/p>\r\n<p>A gyerekek is olyan j\u00f3l \u00e9rezt\u00e9k magukat, hogy minden este am\u00edg mi a feln\u0151tt \u00f6sszej\u00f6vetelen voltunk, addig \u0151k v\u00e9gig a Cimbikkel k\u00e1rty\u00e1ztak. Bog\u00e1rka pedig hamarabb megny\u00edlt nekik, mint eddig b\u00e1rki m\u00e1snak, hiszen \u0151ket nem lehet nem szeretni! :-)<\/p>","type":"rich"}